{"id":17478,"date":"2026-04-26T22:00:24","date_gmt":"2026-04-26T20:00:24","guid":{"rendered":"https:\/\/easyoriginal.com\/?post_type=product&#038;p=17478"},"modified":"2026-04-26T22:06:58","modified_gmt":"2026-04-26T20:06:58","slug":"lasino-di-positano-der-esel-von-positano","status":"publish","type":"product","link":"https:\/\/easyoriginal.com\/en\/shop\/modern-italienisch-frank-a1-a2\/lasino-di-positano-der-esel-von-positano\/","title":{"rendered":"L&#8217;Asino di Positano \u2014 Der Esel von Positano"},"content":{"rendered":"<div class=\"adapted-container\">\n<p class=\"Adapted\">Garibaldi e i limoni <span class=\"Translation\">(Garibaldi und die Zitronen)<\/span><\/p>\n<p class=\"Adapted\">Sulla collina sopra Positano <span class=\"Translation\">(auf dem H\u00fcgel \u00fcber Positano)<\/span>, c\u2019\u00e8 una fattoria di limoni <span class=\"Translation\">(gibt es eine Zitronenfar<\/span><span class=\"Translation\"><span class=\"No-Break\">m;<\/span><\/span><span class=\"Translation\"><span class=\"Comments\"> <\/span><\/span><span class=\"Translation\"><span class=\"Comment-Words\">fattoria<\/span><\/span><span class=\"Translation\"><span class=\"Gender _idGenCharOverride-1\">f<\/span><\/span><span class=\"Translation\"><span class=\"No-Break\"><span class=\"Comments\"> \u2014<\/span><\/span><\/span><span class=\"Translation\"><span class=\"Comments\"> Bauernhof, Farm<\/span><\/span><span class=\"Translation\">)<\/span>. I limoni sono grandi, gialli e profumati <span class=\"Translation\">(die Zitronen sind gro\u00df, gelb und duften<\/span><span class=\"Translation\"><span class=\"No-Break\">d;<\/span><\/span><span class=\"Translation\"><span class=\"Comments\"> <\/span><\/span><span class=\"Translation\"><span class=\"Comment-Words\">profumato<\/span><\/span><span class=\"Translation\"><span class=\"No-Break\"><span class=\"Comments\"> \u2014<\/span><\/span><\/span><span class=\"Translation\"><span class=\"Comments\"> duften<\/span><\/span><span class=\"Translation\"><span class=\"No-Break\"><span class=\"Comments\">d;<\/span><\/span><\/span><span class=\"Translation\"><span class=\"Comments\"> <\/span><\/span><span class=\"Translation\"><span class=\"Comment-Words\">profumo<\/span><\/span><span class=\"Translation\"><span class=\"Gender _idGenCharOverride-1\">m<\/span><\/span><span class=\"Translation\"><span class=\"No-Break\"><span class=\"Comments\"> \u2014<\/span><\/span><\/span><span class=\"Translation\"><span class=\"Comments\"> Duft, Parf\u00fcm<\/span><\/span><span class=\"Translation\">)<\/span>. Il proprietario della fattoria si chiama Marco <span class=\"Translation\">(der Eigent\u00fcmer der Farm hei\u00dft Marc<\/span><span class=\"Translation\"><span class=\"No-Break\">o;<\/span><\/span><span class=\"Translation\"><span class=\"Comments\"> <\/span><\/span><span class=\"Translation\"><span class=\"Comment-Words\">proprietario<\/span><\/span><span class=\"Translation\"><span class=\"Gender _idGenCharOverride-1\">m<\/span><\/span><span class=\"Translation\"><span class=\"No-Break\"><span class=\"Comments\"> \u2014<\/span><\/span><\/span><span class=\"Translation\"><span class=\"Comments\"> Eigent\u00fcmer, Besitze<\/span><\/span><span class=\"Translation\"><span class=\"No-Break\"><span class=\"Comments\">r;<\/span><\/span><\/span><span class=\"Translation\"><span class=\"Comments\"> <\/span><\/span><span class=\"Translation\"><span class=\"Comment-Words\">propriet\u00e0<\/span><\/span><span class=\"Translation\"><span class=\"Gender _idGenCharOverride-1\">f<\/span><\/span><span class=\"Translation\"><span class=\"No-Break\"><span class=\"Comments\"> \u2014<\/span><\/span><\/span><span class=\"Translation\"><span class=\"Comments\"> Eigentum<\/span><\/span><span class=\"Translation\">)<\/span>. Marco ha sessant\u2019anni <span class=\"Translation\">(Marco ist sechzig Jahre alt)<\/span>, i capelli bianchi <span class=\"Translation\">(hat wei\u00dfes Haar)<\/span> e le mani forti di un uomo che lavora la terra ogni giorno <span class=\"Translation\">(und die kr\u00e4ftigen H\u00e4nde eines Mannes, der jeden Tag das Land bearbeitet)<\/span>. Marco ha anche un asino <span class=\"Translation\">(Marco hat auch einen Esel)<\/span>. L\u2019asino si chiama Garibaldi <span class=\"Translation\">(der Esel hei\u00dft Garibaldi)<\/span>.<\/p>\n<\/div>\n<audio class=\"wp-audio-shortcode\" id=\"audio-17478-1\" preload=\"none\" style=\"width: 100%;\" controls=\"controls\"><source type=\"audio\/mpeg\" src=\"https:\/\/easyoriginal1.s3.eu-central-1.amazonaws.com\/italienisch\/i22\/002.mp3?_=1\" \/><a href=\"https:\/\/easyoriginal1.s3.eu-central-1.amazonaws.com\/italienisch\/i22\/002.mp3\">https:\/\/easyoriginal1.s3.eu-central-1.amazonaws.com\/italienisch\/i22\/002.mp3<\/a><\/audio>\n<div class=\"original-container\">\n<p class=\"Original\" lang=\"it-IT\">Garibaldi e i limoni<\/p>\n<p class=\"Original\" lang=\"it-IT\">Sulla collina sopra Positano, c\u2019\u00e8 una fattoria di limoni. I limoni sono grandi, gialli e profumati. Il proprietario della fattoria si chiama Marco. Marco ha sessant\u2019anni, i capelli bianchi e le mani forti di un uomo che lavora la terra ogni giorno. Marco ha anche un asino. L\u2019asino si chiama Garibaldi.<\/p>\n<\/div>","protected":false},"excerpt":{"rendered":"<p>Ein Esel steht mitten auf der Stra\u00dfe \u00fcber der Amalfik\u00fcste, drei\u00dfig Touristen warten im Reisebus \u2014 und Garibaldi kaut seelenruhig weiter Blumen.<br \/>\nAuf den Zitronenh\u00e4ngen \u00fcber Positano lebt der eigensinnigste Bewohner der Costiera. Er \u00f6ffnet Stallt\u00fcren mit dem Maul. Im August watet er ins Meer und betrachtet den Horizont wie ein Philosoph; im November weigert er sich, auch nur einen Schritt in den Regen zu setzen. Auf seinem R\u00fccken schl\u00e4ft ein orangefarbener Kater namens Napoleone. Marco, der Bauer, hat l\u00e4ngst verstanden: ohne Elenas Diplomatie bewegt sich gar nichts.<br \/>\nEine zerbrochene Flasche Limoncello im Keller, ein gelb verf\u00e4rbtes Maul, ein Londoner Fotograf, der aus zweihundert Aufnahmen nur eine einzige verwertbare zieht \u2014 und doch weint, weil sie die sch\u00f6nste seines Lebens ist.<br \/>\nZehn Geschichten aus einem Dorf, das einem Esel geh\u00f6rt.<br \/>\nZweisprachiges Buch Italienisch-Deutsch.<\/p>","protected":false},"featured_media":17483,"comment_status":"open","ping_status":"closed","template":"","meta":{"_acf_changed":false,"_et_pb_use_builder":"off","_et_pb_old_content":"<div class=\"adapted-container\">\r\n<p class=\"Adapted\"><span class=\"Bold\">Hace mucho tiempo que ten\u00eda ganas de escribir <\/span><span class=\"Translation\">(seit langer Zeit hatte ich Lust zu schreiben; <\/span><span class=\"Translation\"><span class=\"Comment-Words\">tener<\/span><\/span><span class=\"Translation\"><span class=\"Comments\"> \u2014 haben<\/span><\/span><span class=\"Translation\">)<\/span><span class=\"Bold\"> cualquier cosa con este t\u00edtulo <\/span><span class=\"Translation\">(irgendetwas mit diesem Titel)<\/span><span class=\"Bold\">.<\/span><\/p>\r\n<p class=\"Adapted\"><span class=\"Bold\">Hoy<a id=\"_idTextAnchor001\"><\/a>, que se me ha presentado ocasi\u00f3n <\/span><span class=\"Translation\">(heute, wo sich mir \/eine\/ Gelegenheit geboten hat; <\/span><span class=\"Translation\"><span class=\"Comment-Words\">presentar<\/span><\/span><span class=\"Translation\"><span class=\"Comments\"> \u2014 zeigen; vorstellen<\/span><\/span><span class=\"Translation\">)<\/span><span class=\"Bold\">, lo he puesto con letras grandes <\/span><span class=\"Translation\">(das habe ich in gro\u00dfen Buchstaben gesetzt = habe ich es in Gro\u00dfbuchstaben gesetzt; <\/span><span class=\"Translation\"><span class=\"Comment-Words\">poner<\/span><\/span><span class=\"Translation\"><span class=\"Comments\"> \u2014 setzen; stellen; legen<\/span><\/span><span class=\"Translation\">)<\/span><span class=\"Bold\"> en la primera cuartilla de papel <\/span><span class=\"Translation\">(auf das erste Blatt: \u00abauf das erste Viertelpapier\u00bb; <\/span><span class=\"Translation\"><span class=\"Comment-Words\">cuarto<\/span><\/span><span class=\"Translation\"><span class=\"Gender _idGenCharOverride-1\">m <\/span><\/span><span class=\"Translation\"><span class=\"Comments\">\u2014 Viertel<\/span><\/span><span class=\"Translation\">)<\/span><span class=\"Bold\">, y luego he dejado a capricho volar la pluma <\/span><span class=\"Translation\">(und dann habe ich nach Belieben die Feder fliegen lassen; <\/span><span class=\"Translation\"><span class=\"Comment-Words\">dejar<\/span><\/span><span class=\"Translation\"><span class=\"Comments\"> \u2014 lassen; <\/span><\/span><span class=\"Translation\"><span class=\"Comment-Words\">capricho<\/span><\/span><span class=\"Translation\"><span class=\"Gender _idGenCharOverride-1\">m <\/span><\/span><span class=\"Translation\"><span class=\"Comments\">\u2014 Laune<\/span><\/span><span class=\"Translation\">)<\/span><span class=\"Bold\">.<\/span><\/p>\r\n\r\n<\/div>\r\n[audio mp3=\"https:\/\/easyoriginal1.s3.eu-central-1.amazonaws.com\/spanisch\/s1\/1.mp3\"][\/audio]\r\n<div class=\"original-container\">\r\n<p class=\"Original\">Hace mucho tiempo que ten\u00eda ganas de escribir cualquier cosa con este t\u00edtulo.<\/p>\r\n<p class=\"Original\">Hoy, que se me ha presentado ocasi\u00f3n, lo he puesto con letras grandes en la primera cuartilla de papel, y luego he dejado a capricho volar la pluma.<\/p>\r\n\r\n<\/div>\r\n<a class=\"weiter\" href=\"\/webreader\/los-ojos-verdes\/fragment\/1-4-2\/\">weiter lesen<\/a>","_et_gb_content_width":""},"product_brand":[],"product_cat":[282],"product_tag":[164,81],"class_list":{"0":"post-17478","1":"product","2":"type-product","3":"status-publish","4":"has-post-thumbnail","6":"product_cat-modern-italienisch-frank-a1-a2","7":"product_tag-anfaenger","8":"product_tag-krimi","10":"first","11":"instock","12":"taxable","13":"shipping-taxable","14":"purchasable","15":"product-type-variable"},"acf":[],"yoast_head":"<!-- This site is optimized with the Yoast SEO plugin v27.4 - https:\/\/yoast.com\/product\/yoast-seo-wordpress\/ -->\n<title>L&#039;Asino di Positano \u2014 Der Esel von Positano - EasyOriginal.com<\/title>\n<meta name=\"robots\" content=\"index, follow, max-snippet:-1, max-image-preview:large, max-video-preview:-1\" \/>\n<link rel=\"canonical\" href=\"https:\/\/easyoriginal.com\/en\/shop\/modern-italienisch-frank-a1-a2\/lasino-di-positano-der-esel-von-positano\/\" \/>\n<meta property=\"og:locale\" content=\"en_GB\" \/>\n<meta property=\"og:type\" content=\"article\" \/>\n<meta property=\"og:title\" content=\"L&#039;Asino di Positano \u2014 Der Esel von Positano - EasyOriginal.com\" \/>\n<meta property=\"og:description\" content=\"Ein Esel steht mitten auf der Stra\u00dfe \u00fcber der Amalfik\u00fcste, drei\u00dfig Touristen warten im Reisebus \u2014 und Garibaldi kaut seelenruhig weiter Blumen. Auf den Zitronenh\u00e4ngen \u00fcber Positano lebt der eigensinnigste Bewohner der Costiera. Er \u00f6ffnet Stallt\u00fcren mit dem Maul. Im August watet er ins Meer und betrachtet den Horizont wie ein Philosoph; im November weigert er sich, auch nur einen Schritt in den Regen zu setzen. Auf seinem R\u00fccken schl\u00e4ft ein orangefarbener Kater namens Napoleone. Marco, der Bauer, hat l\u00e4ngst verstanden: ohne Elenas Diplomatie bewegt sich gar nichts. Eine zerbrochene Flasche Limoncello im Keller, ein gelb verf\u00e4rbtes Maul, ein Londoner Fotograf, der aus zweihundert Aufnahmen nur eine einzige verwertbare zieht \u2014 und doch weint, weil sie die sch\u00f6nste seines Lebens ist. Zehn Geschichten aus einem Dorf, das einem Esel geh\u00f6rt. Zweisprachiges Buch Italienisch-Deutsch.\" \/>\n<meta property=\"og:url\" content=\"https:\/\/easyoriginal.com\/en\/shop\/modern-italienisch-frank-a1-a2\/lasino-di-positano-der-esel-von-positano\/\" \/>\n<meta property=\"og:site_name\" content=\"EasyOriginal.com\" \/>\n<meta property=\"article:modified_time\" content=\"2026-04-26T20:06:58+00:00\" \/>\n<meta property=\"og:image\" content=\"https:\/\/easyoriginal.com\/wp-content\/uploads\/LAsino_di_Positano_printcover.jpg\" \/>\n\t<meta property=\"og:image:width\" content=\"1600\" \/>\n\t<meta property=\"og:image:height\" content=\"2400\" \/>\n\t<meta property=\"og:image:type\" content=\"image\/jpeg\" \/>\n<meta name=\"twitter:card\" content=\"summary_large_image\" \/>\n<meta name=\"twitter:label1\" content=\"Estimated reading time\" \/>\n\t<meta name=\"twitter:data1\" content=\"2 minutes\" \/>\n<script type=\"application\/ld+json\" class=\"yoast-schema-graph\">{\"@context\":\"https:\\\/\\\/schema.org\",\"@graph\":[{\"@type\":\"WebPage\",\"@id\":\"https:\\\/\\\/easyoriginal.com\\\/shop\\\/modern-italienisch-frank-a1-a2\\\/lasino-di-positano-der-esel-von-positano\\\/\",\"url\":\"https:\\\/\\\/easyoriginal.com\\\/shop\\\/modern-italienisch-frank-a1-a2\\\/lasino-di-positano-der-esel-von-positano\\\/\",\"name\":\"L'Asino di Positano \u2014 Der Esel von Positano - EasyOriginal.com\",\"isPartOf\":{\"@id\":\"https:\\\/\\\/easyoriginal.com\\\/#website\"},\"primaryImageOfPage\":{\"@id\":\"https:\\\/\\\/easyoriginal.com\\\/shop\\\/modern-italienisch-frank-a1-a2\\\/lasino-di-positano-der-esel-von-positano\\\/#primaryimage\"},\"image\":{\"@id\":\"https:\\\/\\\/easyoriginal.com\\\/shop\\\/modern-italienisch-frank-a1-a2\\\/lasino-di-positano-der-esel-von-positano\\\/#primaryimage\"},\"thumbnailUrl\":\"https:\\\/\\\/easyoriginal.com\\\/wp-content\\\/uploads\\\/LAsino_di_Positano_printcover.jpg\",\"datePublished\":\"2026-04-26T20:00:24+00:00\",\"dateModified\":\"2026-04-26T20:06:58+00:00\",\"breadcrumb\":{\"@id\":\"https:\\\/\\\/easyoriginal.com\\\/shop\\\/modern-italienisch-frank-a1-a2\\\/lasino-di-positano-der-esel-von-positano\\\/#breadcrumb\"},\"inLanguage\":\"en-GB\",\"potentialAction\":[{\"@type\":\"ReadAction\",\"target\":[\"https:\\\/\\\/easyoriginal.com\\\/shop\\\/modern-italienisch-frank-a1-a2\\\/lasino-di-positano-der-esel-von-positano\\\/\"]}]},{\"@type\":\"ImageObject\",\"inLanguage\":\"en-GB\",\"@id\":\"https:\\\/\\\/easyoriginal.com\\\/shop\\\/modern-italienisch-frank-a1-a2\\\/lasino-di-positano-der-esel-von-positano\\\/#primaryimage\",\"url\":\"https:\\\/\\\/easyoriginal.com\\\/wp-content\\\/uploads\\\/LAsino_di_Positano_printcover.jpg\",\"contentUrl\":\"https:\\\/\\\/easyoriginal.com\\\/wp-content\\\/uploads\\\/LAsino_di_Positano_printcover.jpg\",\"width\":1600,\"height\":2400},{\"@type\":\"BreadcrumbList\",\"@id\":\"https:\\\/\\\/easyoriginal.com\\\/shop\\\/modern-italienisch-frank-a1-a2\\\/lasino-di-positano-der-esel-von-positano\\\/#breadcrumb\",\"itemListElement\":[{\"@type\":\"ListItem\",\"position\":1,\"name\":\"Startseite\",\"item\":\"https:\\\/\\\/easyoriginal.com\\\/\"},{\"@type\":\"ListItem\",\"position\":2,\"name\":\"Shop\",\"item\":\"https:\\\/\\\/easyoriginal.com\\\/shop\\\/\"},{\"@type\":\"ListItem\",\"position\":3,\"name\":\"L&#8217;Asino di Positano \u2014 Der Esel von Positano\"}]},{\"@type\":\"WebSite\",\"@id\":\"https:\\\/\\\/easyoriginal.com\\\/#website\",\"url\":\"https:\\\/\\\/easyoriginal.com\\\/\",\"name\":\"EasyOriginal.com\",\"description\":\"Spa\u00df am Lesen im Original - Innovative Lesemethode f\u00fcr Fremdsprachen\",\"publisher\":{\"@id\":\"https:\\\/\\\/easyoriginal.com\\\/#organization\"},\"potentialAction\":[{\"@type\":\"SearchAction\",\"target\":{\"@type\":\"EntryPoint\",\"urlTemplate\":\"https:\\\/\\\/easyoriginal.com\\\/?s={search_term_string}\"},\"query-input\":{\"@type\":\"PropertyValueSpecification\",\"valueRequired\":true,\"valueName\":\"search_term_string\"}}],\"inLanguage\":\"en-GB\"},{\"@type\":\"Organization\",\"@id\":\"https:\\\/\\\/easyoriginal.com\\\/#organization\",\"name\":\"EasyOriginal Verlag\",\"url\":\"https:\\\/\\\/easyoriginal.com\\\/\",\"logo\":{\"@type\":\"ImageObject\",\"inLanguage\":\"en-GB\",\"@id\":\"https:\\\/\\\/easyoriginal.com\\\/#\\\/schema\\\/logo\\\/image\\\/\",\"url\":\"https:\\\/\\\/easyoriginal.com\\\/wp-content\\\/uploads\\\/2020\\\/08\\\/logo_main.png\",\"contentUrl\":\"https:\\\/\\\/easyoriginal.com\\\/wp-content\\\/uploads\\\/2020\\\/08\\\/logo_main.png\",\"width\":500,\"height\":103,\"caption\":\"EasyOriginal Verlag\"},\"image\":{\"@id\":\"https:\\\/\\\/easyoriginal.com\\\/#\\\/schema\\\/logo\\\/image\\\/\"}}]}<\/script>\n<!-- \/ Yoast SEO plugin. -->","yoast_head_json":{"title":"L'Asino di Positano \u2014 Der Esel von Positano - EasyOriginal.com","robots":{"index":"index","follow":"follow","max-snippet":"max-snippet:-1","max-image-preview":"max-image-preview:large","max-video-preview":"max-video-preview:-1"},"canonical":"https:\/\/easyoriginal.com\/en\/shop\/modern-italienisch-frank-a1-a2\/lasino-di-positano-der-esel-von-positano\/","og_locale":"en_GB","og_type":"article","og_title":"L'Asino di Positano \u2014 Der Esel von Positano - EasyOriginal.com","og_description":"Ein Esel steht mitten auf der Stra\u00dfe \u00fcber der Amalfik\u00fcste, drei\u00dfig Touristen warten im Reisebus \u2014 und Garibaldi kaut seelenruhig weiter Blumen. Auf den Zitronenh\u00e4ngen \u00fcber Positano lebt der eigensinnigste Bewohner der Costiera. Er \u00f6ffnet Stallt\u00fcren mit dem Maul. Im August watet er ins Meer und betrachtet den Horizont wie ein Philosoph; im November weigert er sich, auch nur einen Schritt in den Regen zu setzen. Auf seinem R\u00fccken schl\u00e4ft ein orangefarbener Kater namens Napoleone. Marco, der Bauer, hat l\u00e4ngst verstanden: ohne Elenas Diplomatie bewegt sich gar nichts. Eine zerbrochene Flasche Limoncello im Keller, ein gelb verf\u00e4rbtes Maul, ein Londoner Fotograf, der aus zweihundert Aufnahmen nur eine einzige verwertbare zieht \u2014 und doch weint, weil sie die sch\u00f6nste seines Lebens ist. Zehn Geschichten aus einem Dorf, das einem Esel geh\u00f6rt. Zweisprachiges Buch Italienisch-Deutsch.","og_url":"https:\/\/easyoriginal.com\/en\/shop\/modern-italienisch-frank-a1-a2\/lasino-di-positano-der-esel-von-positano\/","og_site_name":"EasyOriginal.com","article_modified_time":"2026-04-26T20:06:58+00:00","og_image":[{"width":1600,"height":2400,"url":"https:\/\/easyoriginal.com\/wp-content\/uploads\/LAsino_di_Positano_printcover.jpg","type":"image\/jpeg"}],"twitter_card":"summary_large_image","twitter_misc":{"Estimated reading time":"2 minutes"},"schema":{"@context":"https:\/\/schema.org","@graph":[{"@type":"WebPage","@id":"https:\/\/easyoriginal.com\/shop\/modern-italienisch-frank-a1-a2\/lasino-di-positano-der-esel-von-positano\/","url":"https:\/\/easyoriginal.com\/shop\/modern-italienisch-frank-a1-a2\/lasino-di-positano-der-esel-von-positano\/","name":"L'Asino di Positano \u2014 Der Esel von Positano - EasyOriginal.com","isPartOf":{"@id":"https:\/\/easyoriginal.com\/#website"},"primaryImageOfPage":{"@id":"https:\/\/easyoriginal.com\/shop\/modern-italienisch-frank-a1-a2\/lasino-di-positano-der-esel-von-positano\/#primaryimage"},"image":{"@id":"https:\/\/easyoriginal.com\/shop\/modern-italienisch-frank-a1-a2\/lasino-di-positano-der-esel-von-positano\/#primaryimage"},"thumbnailUrl":"https:\/\/easyoriginal.com\/wp-content\/uploads\/LAsino_di_Positano_printcover.jpg","datePublished":"2026-04-26T20:00:24+00:00","dateModified":"2026-04-26T20:06:58+00:00","breadcrumb":{"@id":"https:\/\/easyoriginal.com\/shop\/modern-italienisch-frank-a1-a2\/lasino-di-positano-der-esel-von-positano\/#breadcrumb"},"inLanguage":"en-GB","potentialAction":[{"@type":"ReadAction","target":["https:\/\/easyoriginal.com\/shop\/modern-italienisch-frank-a1-a2\/lasino-di-positano-der-esel-von-positano\/"]}]},{"@type":"ImageObject","inLanguage":"en-GB","@id":"https:\/\/easyoriginal.com\/shop\/modern-italienisch-frank-a1-a2\/lasino-di-positano-der-esel-von-positano\/#primaryimage","url":"https:\/\/easyoriginal.com\/wp-content\/uploads\/LAsino_di_Positano_printcover.jpg","contentUrl":"https:\/\/easyoriginal.com\/wp-content\/uploads\/LAsino_di_Positano_printcover.jpg","width":1600,"height":2400},{"@type":"BreadcrumbList","@id":"https:\/\/easyoriginal.com\/shop\/modern-italienisch-frank-a1-a2\/lasino-di-positano-der-esel-von-positano\/#breadcrumb","itemListElement":[{"@type":"ListItem","position":1,"name":"Startseite","item":"https:\/\/easyoriginal.com\/"},{"@type":"ListItem","position":2,"name":"Shop","item":"https:\/\/easyoriginal.com\/shop\/"},{"@type":"ListItem","position":3,"name":"L&#8217;Asino di Positano \u2014 Der Esel von Positano"}]},{"@type":"WebSite","@id":"https:\/\/easyoriginal.com\/#website","url":"https:\/\/easyoriginal.com\/","name":"EasyOriginal.com","description":"Spa\u00df am Lesen im Original - Innovative Lesemethode f\u00fcr Fremdsprachen","publisher":{"@id":"https:\/\/easyoriginal.com\/#organization"},"potentialAction":[{"@type":"SearchAction","target":{"@type":"EntryPoint","urlTemplate":"https:\/\/easyoriginal.com\/?s={search_term_string}"},"query-input":{"@type":"PropertyValueSpecification","valueRequired":true,"valueName":"search_term_string"}}],"inLanguage":"en-GB"},{"@type":"Organization","@id":"https:\/\/easyoriginal.com\/#organization","name":"EasyOriginal Verlag","url":"https:\/\/easyoriginal.com\/","logo":{"@type":"ImageObject","inLanguage":"en-GB","@id":"https:\/\/easyoriginal.com\/#\/schema\/logo\/image\/","url":"https:\/\/easyoriginal.com\/wp-content\/uploads\/2020\/08\/logo_main.png","contentUrl":"https:\/\/easyoriginal.com\/wp-content\/uploads\/2020\/08\/logo_main.png","width":500,"height":103,"caption":"EasyOriginal Verlag"},"image":{"@id":"https:\/\/easyoriginal.com\/#\/schema\/logo\/image\/"}}]}},"_links":{"self":[{"href":"https:\/\/easyoriginal.com\/en\/wp-json\/wp\/v2\/product\/17478","targetHints":{"allow":["GET"]}}],"collection":[{"href":"https:\/\/easyoriginal.com\/en\/wp-json\/wp\/v2\/product"}],"about":[{"href":"https:\/\/easyoriginal.com\/en\/wp-json\/wp\/v2\/types\/product"}],"replies":[{"embeddable":true,"href":"https:\/\/easyoriginal.com\/en\/wp-json\/wp\/v2\/comments?post=17478"}],"wp:featuredmedia":[{"embeddable":true,"href":"https:\/\/easyoriginal.com\/en\/wp-json\/wp\/v2\/media\/17483"}],"wp:attachment":[{"href":"https:\/\/easyoriginal.com\/en\/wp-json\/wp\/v2\/media?parent=17478"}],"wp:term":[{"taxonomy":"product_brand","embeddable":true,"href":"https:\/\/easyoriginal.com\/en\/wp-json\/wp\/v2\/product_brand?post=17478"},{"taxonomy":"product_cat","embeddable":true,"href":"https:\/\/easyoriginal.com\/en\/wp-json\/wp\/v2\/product_cat?post=17478"},{"taxonomy":"product_tag","embeddable":true,"href":"https:\/\/easyoriginal.com\/en\/wp-json\/wp\/v2\/product_tag?post=17478"}],"curies":[{"name":"wp","href":"https:\/\/api.w.org\/{rel}","templated":true}]}}